{"id":36787,"date":"2021-10-13T19:19:31","date_gmt":"2021-10-13T18:19:31","guid":{"rendered":"https:\/\/jrrtestate.wpengine.com\/lettres\/letter-to-eileen-elgar-september-1963\/"},"modified":"2023-11-23T15:42:31","modified_gmt":"2023-11-23T15:42:31","slug":"lettre-a-eileen-elgar-septembre-1963","status":"publish","type":"page","link":"https:\/\/www.tolkienestate.com\/fr\/lettres\/lettre-a-eileen-elgar-septembre-1963\/","title":{"rendered":"Lettre \u00e0 Eileen Elgar, septembre 1963"},"content":{"rendered":"<p>[et_pb_section fb_built=\u00a0\u00bb1&Prime; _builder_version=\u00a0\u00bb4.16&Prime; _module_preset=\u00a0\u00bbdefault\u00a0\u00bb background_color=\u00a0\u00bb#2f3534&Prime; custom_margin=\u00a0\u00bb||||false|false\u00a0\u00bb custom_padding=\u00a0\u00bb0px||0px||false|false\u00a0\u00bb animation_direction=\u00a0\u00bbtop\u00a0\u00bb border_width_bottom=\u00a0\u00bb1px\u00a0\u00bb border_color_bottom=\u00a0\u00bb#4e5956&Prime; saved_tabs=\u00a0\u00bball\u00a0\u00bb global_colors_info=\u00a0\u00bb{}\u00a0\u00bb][et_pb_row _builder_version=\u00a0\u00bb4.16&Prime; _module_preset=\u00a0\u00bbdefault\u00a0\u00bb custom_padding=\u00a0\u00bb20px||20px||false|false\u00a0\u00bb global_colors_info=\u00a0\u00bb{}\u00a0\u00bb][et_pb_column type=\u00a0\u00bb4_4&Prime; _builder_version=\u00a0\u00bb4.16&Prime; _module_preset=\u00a0\u00bbdefault\u00a0\u00bb global_colors_info=\u00a0\u00bb{}\u00a0\u00bb][et_pb_text module_class=\u00a0\u00bbyoastBC\u00a0\u00bb _builder_version=\u00a0\u00bb4.16&Prime; _module_preset=\u00a0\u00bbdefault\u00a0\u00bb text_font=\u00a0\u00bb|||on|||||\u00a0\u00bb text_text_color=\u00a0\u00bb#9f8d60&Prime; link_text_color=\u00a0\u00bb#9f8d60&Prime; text_orientation=\u00a0\u00bbcenter\u00a0\u00bb global_colors_info=\u00a0\u00bb{}\u00a0\u00bb]<span><span><a href=\"https:\/\/www.tolkienestate.com\/fr\/\">Home<\/a><\/span><\/span>[\/et_pb_text][\/et_pb_column][\/et_pb_row][\/et_pb_section][et_pb_section fb_built=\u00a0\u00bb1&Prime; _builder_version=\u00a0\u00bb4.16&Prime; _module_preset=\u00a0\u00bbdefault\u00a0\u00bb background_color=\u00a0\u00bb#383e3c\u00a0\u00bb background_enable_image=\u00a0\u00bboff\u00a0\u00bb custom_padding=\u00a0\u00bb50px||50px||false|false\u00a0\u00bb global_colors_info=\u00a0\u00bb{}\u00a0\u00bb][et_pb_row _builder_version=\u00a0\u00bb4.16&Prime; _module_preset=\u00a0\u00bbdefault\u00a0\u00bb global_colors_info=\u00a0\u00bb{}\u00a0\u00bb][et_pb_column type=\u00a0\u00bb4_4&Prime; _builder_version=\u00a0\u00bb4.16&Prime; _module_preset=\u00a0\u00bbdefault\u00a0\u00bb global_colors_info=\u00a0\u00bb{}\u00a0\u00bb][et_pb_text _builder_version=\u00a0\u00bb4.16&Prime; _dynamic_attributes=\u00a0\u00bbcontent\u00a0\u00bb _module_preset=\u00a0\u00bbdefault\u00a0\u00bb header_text_align=\u00a0\u00bbcenter\u00a0\u00bb header_text_color=\u00a0\u00bb#ffffff\u00a0\u00bb header_font_size=\u00a0\u00bb60px\u00a0\u00bb header_letter_spacing=\u00a0\u00bb8px\u00a0\u00bb width=\u00a0\u00bb72%\u00a0\u00bb module_alignment=\u00a0\u00bbcenter\u00a0\u00bb header_font_size_tablet=\u00a0\u00bb40px\u00a0\u00bb header_font_size_phone=\u00a0\u00bb\u00a0\u00bb header_font_size_last_edited=\u00a0\u00bbon|tablet\u00a0\u00bb header_letter_spacing_tablet=\u00a0\u00bb1px\u00a0\u00bb header_letter_spacing_phone=\u00a0\u00bb\u00a0\u00bb header_letter_spacing_last_edited=\u00a0\u00bbon|tablet\u00a0\u00bb global_colors_info=\u00a0\u00bb{}\u00a0\u00bb]@ET-DC@eyJkeW5hbWljIjp0cnVlLCJjb250ZW50IjoicG9zdF90aXRsZSIsInNldHRpbmdzIjp7ImJlZm9yZSI6IjxoMT4iLCJhZnRlciI6IjwvaDE+In19@[\/et_pb_text][\/et_pb_column][\/et_pb_row][\/et_pb_section][et_pb_section fb_built=\u00a0\u00bb1&Prime; _builder_version=\u00a0\u00bb4.16&Prime; _module_preset=\u00a0\u00bbdefault\u00a0\u00bb background_color=\u00a0\u00bb#f7f7f1&Prime; global_colors_info=\u00a0\u00bb{}\u00a0\u00bb][et_pb_row _builder_version=\u00a0\u00bb4.16&Prime; _module_preset=\u00a0\u00bbdefault\u00a0\u00bb global_colors_info=\u00a0\u00bb{}\u00a0\u00bb][et_pb_column type=\u00a0\u00bb4_4&Prime; _builder_version=\u00a0\u00bb4.16&Prime; _module_preset=\u00a0\u00bbdefault\u00a0\u00bb global_colors_info=\u00a0\u00bb{}\u00a0\u00bb][et_pb_text _builder_version=\u00a0\u00bb4.22.2&Prime; text_font_size=\u00a0\u00bb20px\u00a0\u00bb text_line_height=\u00a0\u00bb1.6em\u00a0\u00bb link_text_color=\u00a0\u00bb#9f8d60&Prime; width=\u00a0\u00bb66%\u00a0\u00bb width_tablet=\u00a0\u00bb100%\u00a0\u00bb width_phone=\u00a0\u00bb\u00a0\u00bb width_last_edited=\u00a0\u00bbon|tablet\u00a0\u00bb module_alignment=\u00a0\u00bbcenter\u00a0\u00bb locked=\u00a0\u00bboff\u00a0\u00bb global_colors_info=\u00a0\u00bb{}\u00a0\u00bb]<\/p>\n<p>\u00ab Je ne crois pas que l\u2019\u00e9chec de Frodo ait \u00e9t\u00e9 un \u00e9chec moral. Au dernier moment, la pression exerc\u00e9e par l\u2019Anneau devait atteindre son paroxysme \u2014 impossible aurais-je d\u00fb dire, pour quiconque de r\u00e9sister \u00bb<\/p>\n<p>[\/et_pb_text][\/et_pb_column][\/et_pb_row][\/et_pb_section][et_pb_section fb_built=\u00a0\u00bb1&Prime; _builder_version=\u00a0\u00bb4.16&Prime; _module_preset=\u00a0\u00bbdefault\u00a0\u00bb global_colors_info=\u00a0\u00bb{}\u00a0\u00bb][et_pb_row _builder_version=\u00a0\u00bb4.16&Prime; width=\u00a0\u00bb50%\u00a0\u00bb width_tablet=\u00a0\u00bb80%\u00a0\u00bb width_phone=\u00a0\u00bb\u00a0\u00bb width_last_edited=\u00a0\u00bbon|tablet\u00a0\u00bb locked=\u00a0\u00bboff\u00a0\u00bb global_colors_info=\u00a0\u00bb{}\u00a0\u00bb][et_pb_column type=\u00a0\u00bb4_4&Prime; _builder_version=\u00a0\u00bb4.16&Prime; global_colors_info=\u00a0\u00bb{}\u00a0\u00bb][et_pb_text _builder_version=\u00a0\u00bb4.22.2&Prime; text_line_height=\u00a0\u00bb1.9em\u00a0\u00bb quote_font=\u00a0\u00bb||||||||\u00a0\u00bb module_alignment=\u00a0\u00bbcenter\u00a0\u00bb hover_enabled=\u00a0\u00bb0&Prime; global_colors_info=\u00a0\u00bb{}\u00a0\u00bb sticky_enabled=\u00a0\u00bb0&Prime;]<\/p>\n<p>Tr\u00e8s peu de gens (en fait, \u00e0 l&rsquo;heure actuelle, seulement votre lettre et une autre) ont not\u00e9 ou comment\u00e9 \u00ab l&rsquo;\u00e9chec \u00bb de Frodo. C&rsquo;est un point tr\u00e8s important.<\/p>\n<p>Du point de vue du conteur, les \u00e9v\u00e9nements de la Montagne du Destin d\u00e9coulent simplement de la logique du r\u00e9cit qui m\u00e8ne \u00e0 ce point. Ils n&rsquo;ont pas \u00e9t\u00e9 pr\u00e9par\u00e9s de mani\u00e8re intentionnelle, ni pr\u00e9vus avant qu&rsquo;ils ne se produisent.* Mais d&rsquo;une part il est devenu finalement assez clair que Frodo, apr\u00e8s tout ce qui s&rsquo;\u00e9tait pass\u00e9, serait incapable de d\u00e9truire volontairement l&rsquo;Anneau. R\u00e9fl\u00e9chissant \u00e0 cette solution apr\u00e8s y \u00eatre parvenu (comme un simple \u00e9v\u00e9nement), j&rsquo;ai le sentiment qu&rsquo;elle est centrale pour l&rsquo;ensemble de la \u00ab\u00a0 th\u00e9orie \u00bb sur la noblesse et l&rsquo;h\u00e9ro\u00efsme v\u00e9ritables qui est pr\u00e9sent\u00e9e.<\/p>\n<p>Frodo a effectivement \u00ab \u00e9chou\u00e9 \u00bb en tant que h\u00e9ros, tel que le con\u00e7oivent les gens simples : il n&rsquo;a pas r\u00e9sist\u00e9 jusqu&rsquo;\u00e0 la fin ; il a renonc\u00e9, l\u00e2ch\u00e9 prise. Je ne dis pas \u00ab gens simples \u00bb avec m\u00e9pris : ils voient souvent clairement la simple v\u00e9rit\u00e9 et l&rsquo;id\u00e9al absolu vers lequel il faut diriger l&rsquo;effort, m\u00eame s&rsquo;il est inaccessible. Leur faiblesse, toute-fois, est double. Ils ne per\u00e7oivent pas la complexit\u00e9 d&rsquo;une situation donn\u00e9e situ\u00e9e dans le Temps, dans lequel est pris un id\u00e9al absolu. Ils ont tendance \u00e0 oublier cet \u00e9l\u00e9ment \u00e9trange dans notre Monde, que nous appelons Piti\u00e9 ou Mis\u00e9ricorde, qui est \u00e9galement un imp\u00e9ratif absolu du jugement moral (puisqu&rsquo;elle est pr\u00e9sente dans la nature Divine). Dans son exercice le plus noble, elle appartient \u00e0 Dieu. Chez les juges finis au savoir imparfait, elle doit amener \u00e0 recourir \u00e0 deux \u00e9chelles diff\u00e9rentes de \u00ab moralit\u00e9 \u00bb. \u00c0 nous-m\u00eame, nous devons confronter l&rsquo;id\u00e9al absolu sans aucun compromis, car nous ne connaissons pas les limites de notre propre force naturelle (+ de la gr\u00e2ce) et si nous ne visons pas le plus haut, nous passerons certainement bien loin du maximum que nous pourrions r\u00e9aliser. Aux autres, en tout cas sur qui nous savons suffisamment pour former un jugement, nous devons appliquer une \u00e9chelle temp\u00e9r\u00e9e par la \u00ab mis\u00e9ricorde \u00bb : \u00e0 savoir, puisque nous pouvons le faire avec bonne volont\u00e9 sans les pr\u00e9jug\u00e9s in\u00e9vitables dans les jugements port\u00e9s sur nous-m\u00eame, nous devons estimer les limites de la force d&rsquo;autrui et les comparer \u00e0 la force de circonstances particuli\u00e8res.**<\/p>\n<p>Je ne crois pas que l&rsquo;\u00e9chec de Frodo ait \u00e9t\u00e9 un \u00e9chec <em>moral<\/em>. Au dernier moment, la pression exerc\u00e9e par l&rsquo;Anneau devait atteindre son paroxysme &#8211; impossible, aurais-je d\u00fb dire, pour quiconque de r\u00e9sister, encore moins apr\u00e8s l&rsquo;avoir longtemps poss\u00e9d\u00e9, apr\u00e8s des mois de tourments croissants, et alors qu&rsquo;il \u00e9tait \u00e9puis\u00e9 et affam\u00e9. Frodo avait fait ce qu&rsquo;il pouvait et s&rsquo;\u00e9tait donn\u00e9 totalement (comme instrument de la Providence), et avait cr\u00e9\u00e9 une situation dans laquelle l&rsquo;objectif de sa qu\u00eate pouvait \u00eatre atteint. Son humilit\u00e9 (qu&rsquo;il avait manifest\u00e9e d\u00e8s le d\u00e9but) et ses souffrances ont \u00e9t\u00e9 r\u00e9compens\u00e9es avec justice par les plus grands honneurs ; et son exercice de la patience et de la mis\u00e9ricorde envers Gollum lui a valu la Mis\u00e9ricorde ; son \u00e9chec a \u00e9t\u00e9 corrig\u00e9.<\/p>\n<p>Nous sommes des cr\u00e9atures finies, avec des limitations absolues quant aux pouvoirs d&rsquo;endurance de notre corps et notre \u00e2me, soit dans l&rsquo;action soit dans la r\u00e9sistance. On ne peut parler d&rsquo;\u00e9chec <em>moral<\/em>, il me semble, que lorsque l&rsquo;effort ou la r\u00e9sistance d&rsquo;un homme sont bien <em>en de\u00e7\u00e0<\/em> de ses limites, et le bl\u00e2me diminue d&rsquo;autant plus que l&rsquo;on s&rsquo;approche de cette limite.*** On peut toutefois observer, je crois, dans l&rsquo;Histoire et dans notre exp\u00e9rience, que certains individus semblent \u00eatre plac\u00e9s dans des situations \u00ab sacrificielles \u00bb : des situations ou des t\u00e2ches qui pour effectuer leur r\u00e9solution exigent des pouvoirs d\u00e9passant leurs ultimes limites, et m\u00eame au-del\u00e0 de toute limite possible pour une cr\u00e9ature incarn\u00e9e dans ce monde physique &#8211; dans lequel un corps peut \u00eatre d\u00e9truit, ou tellement m\u00e9haign\u00e9 que l&rsquo;esprit et la volont\u00e9 en sont affect\u00e9s. Le jugement, dans un tel cas, devrait donc d\u00e9pendre des intentions et des dispositions dans lesquelles l&rsquo;individu a d\u00e9but\u00e9 ; et comparer ses actions au maximum que ses pouvoirs lui autorisent, tout au long du chemin qui m\u00e8ne au point de rupture, quel qu&rsquo;il soit.<\/p>\n<p>Frodo a entrepris cette qu\u00eate par amour &#8211; pour sauver le monde qu&rsquo;il connaissait du d\u00e9sastre, \u00e0 ses propres d\u00e9pens, s&rsquo;il le pouvait ; et aussi dans un esprit d&rsquo;humilit\u00e9 totale, reconnaissant qu&rsquo;il n&rsquo;\u00e9tait absolument pas fait pour cette t\u00e2che. Son v\u00e9ritable contrat \u00e9tait seulement de faire ce qu&rsquo;il pouvait, de t\u00e2cher de trouver un chemin, et d&rsquo;aller aussi loin sur ce chemin que l&rsquo;y autorisait la force de son esprit et de son corps. Ce qu&rsquo;il a fait. Personnellement je ne con\u00e7ois pas le fait que son esprit et sa volont\u00e9 aient cass\u00e9 sous une pression d\u00e9moniaque associ\u00e9e \u00e0\u00a0 la souffrance, comme un \u00e9chec <em>moral<\/em> plus que si son corps s&rsquo;\u00e9tait cass\u00e9 &#8211; par exemple, \u00e9trangl\u00e9 par Gollum ou \u00e9cras\u00e9 par la chute d&rsquo;un rocher.<\/p>\n<p>Il appara\u00eet que tel est bien le jugement de Gandalf et d&rsquo;Aragorn et de tous ceux qui ont appris le r\u00e9cit complet de son voyage. Assur\u00e9ment, Frodo n&rsquo;aurait rien cach\u00e9 ! Mais comment lui-m\u00eame ressentait les \u00e9v\u00e9nements, c&rsquo;est une autre histoire.<\/p>\n<p>Il para\u00eet n&rsquo;avoir pas ressenti de culpabilit\u00e9 tout d&rsquo;abord (Livre 6, chap. 3) ; il a retrouv\u00e9 la <em>raison<\/em> et la paix. Mais il a ensuite pens\u00e9 au fait qu&rsquo;il avait donn\u00e9 sa vie en sacrifice : il s&rsquo;attendait \u00e0 mourir tr\u00e8s bient\u00f4t. Mais il n&rsquo;est pas mort, et l&rsquo;on peut constater comment le trouble grandit en lui. Arwen a \u00e9t\u00e9 la premi\u00e8re \u00e0 en constater les signes, et lui a donn\u00e9 son joyau pour le r\u00e9conforter, en r\u00e9fl\u00e9chissant \u00e0 un moyen de le soigner.**** Il s&rsquo;efface lentement \u00ab du tableau \u00bb, parlant et agissant de moins en moins. Il est \u00e0 mon avis clair, lorsqu&rsquo;un lecteur attentif y r\u00e9fl\u00e9chit, que lorsqu&rsquo;il entra dans une p\u00e9riode difficile et qu&rsquo;il eut conscience d&rsquo;avoir \u00e9t\u00e9 \u00ab bless\u00e9 par poignard, piq\u00fbre et dent, et par un long fardeau \u00bb (Livre 6, chap. 7), ce n&rsquo;\u00e9taient pas seulement des souvenirs cauchemardesques des horreurs pass\u00e9es qui l&rsquo;affectaient, mais \u00e9galement des reproches irraisonn\u00e9s qu&rsquo;il s&rsquo;adressait : il se voyait, lui et tout ce qu&rsquo;il avait fait, comme un \u00e9chec et un ratage. \u00ab M\u00eame si j&rsquo;arrive [en] Comt\u00e9, elle ne para\u00eetra plus la m\u00eame ; car je ne serai pas le m\u00eame. \u00bb C&rsquo;\u00e9tait en fait une tentation venue des T\u00e9n\u00e8bres, un dernier \u00e9clat d&rsquo;orgueil : le d\u00e9sir qu&rsquo;il avait de rentrer en \u00ab h\u00e9ros \u00bb, ne se satisfaisant pas d&rsquo;\u00eatre un simple instrument du Bien. Et m\u00eal\u00e9 avec une autre tentation, plus sombre et toutefois (en un sens) davantage m\u00e9rit\u00e9e, car quelle que soit la mani\u00e8re dont on peut l&rsquo;expliquer, il n&rsquo;avait en fait pas rejet\u00e9 l&rsquo;Anneau dans un acte volontaire : il \u00e9tait susceptible de regretter sa destruction, et de toujours le d\u00e9sirer. \u00ab Il a disparu \u00e0 jamais &#8230; et maintenant tout est sombre et vide \u00bb, dit-il en sortant de sa maladie, en 1420.<\/p>\n<p>\u00ab H\u00e9las ! il est des blessures que l&rsquo;on ne peut enti\u00e8rement gu\u00e9rir \u00bb, dit Gandalf (Livre 6, chap. 7) &#8211; pas en Terre du Milieu. Frodo fut envoy\u00e9, ou autoris\u00e9 \u00e0 passer la Mer pour \u00eatre soign\u00e9 &#8211; si cela \u00e9tait possible, <em>avant sa mort<\/em>. Il devait finalement \u00ab partir \u00bb : aucun mortel ne pouvait, ou ne peut, r\u00e9sider sur terre pour toujours, ou dans le Temps. Sa travers\u00e9e \u00e9tait donc \u00e0 la fois un purgatoire et une r\u00e9compense, pour un temps : une p\u00e9riode de r\u00e9flexion et de paix, et pour acqu\u00e9rir une compr\u00e9hension plus exacte de sa situation dans le mesquin et le grandiose, p\u00e9riode toujours pass\u00e9e dans le Temps au milieu de la beaut\u00e9 naturelle d&rsquo;\u00ab Arda Immarrie \u00bb, la Terre qui n&rsquo;a pas \u00e9t\u00e9 souill\u00e9e par le Mal.<\/p>\n<p>Bilbo est parti \u00e9galement. Sans aucun doute, pour achever le plan d\u00fb \u00e0 Gandalf en personne. Celui-ci avait une grande affection pour Bilbo, remontant \u00e0 l&rsquo;enfance du Hobbit. Sa compagnie \u00e9tait vraiment n\u00e9cessaire au bien-\u00eatre de Frodo &#8211; il est difficile d&rsquo;imaginer un Hobbit, m\u00eame pass\u00e9 par les exp\u00e9riences qu&rsquo;avait connues Frodo, \u00eatre vraiment heureux m\u00eame dans un paradis terrestre sans un compagnon de sa propre esp\u00e8ce, et Bilbo \u00e9tait la personne que Frodo aimait le plus (cf. Livre 6, chap. 6). Mais Bilbo avait \u00e9galement besoin de cette faveur, et il la m\u00e9ritait pour lui-m\u00eame. Il portait encore la marque de l&rsquo;Anneau, qui avait besoin d&rsquo;\u00eatre d\u00e9finitivement enlev\u00e9e : un reste d&rsquo;orgueil et de possessivit\u00e9. Bien s\u00fbr il \u00e9tait \u00e2g\u00e9 et son esprit un peu confus, mais c&rsquo;est encore un signe de la \u00ab marque noire \u00bb lorsqu&rsquo;il demande \u00e0 Fondcombe (Livre 6, chap. 6) : \u00ab qu&rsquo;est-il advenu de <em>mon<\/em> anneau, que tu avais emport\u00e9, Frodo ? \u00bb ; et lorsqu&rsquo;on lui rappelle ce qui s&rsquo;est pass\u00e9, sa r\u00e9ponse spontan\u00e9e est : \u00ab Quel dommage ! &#8230; J&rsquo;aurais aim\u00e9 le revoir. \u00bb Quant \u00e0 une r\u00e9compense pour son r\u00f4le, difficile d&rsquo;estimer que sa vie se serait r\u00e9alis\u00e9e totalement sans qu&rsquo;il fasse l&rsquo;exp\u00e9rience de la \u00ab pure Elfitude \u00bb et qu&rsquo;il ait la possibilit\u00e9 d&rsquo;entendre les l\u00e9gendes et les histoires compl\u00e8tes dont les fragments l&rsquo;avaient tellement enchant\u00e9.<\/p>\n<p>Il est naturellement clair que ce plan avait en fait \u00e9t\u00e9 \u00e9tabli et concert\u00e9 (par Arwen, Gandalf et d&rsquo;autres) avant qu&rsquo;Arwen ne parle. Mais Frodo ne l&rsquo;a pas tout de suite compris ; ses implications allaient \u00eatre lentement comprises, en y r\u00e9fl\u00e9chissant. Un tel voyage devait de prime abord sembler une chose qu&rsquo;il ne fallait pas obligatoirement redouter, et m\u00eame plut\u00f4t comme une chose qu&rsquo;il fallait souhaiter &#8211; tant qu&rsquo;elle demeurait sans date pr\u00e9cise, et pouvait \u00eatre retard\u00e9e. Son d\u00e9sir v\u00e9ritable \u00e9tait celui d&rsquo;un Hobbit (et d&rsquo;un humain) : simplement \u00ab d&rsquo;\u00eatre lui-m\u00eame \u00bb de nouveau et de retrouver la bonne vieille vie qui s&rsquo;\u00e9tait interrompue. Mais d\u00e9j\u00e0 en rentrant de Fondcombe, il a soudain compris que ce n&rsquo;\u00e9tait pas possible pour lui. D&rsquo;o\u00f9 son cri : \u00ab O\u00f9 trouverai-je le repos ? \u00bb Il connaissait la r\u00e9ponse, et Gandalf n&rsquo;a pas r\u00e9pondu. Quant \u00e0 Bilbo, il est probable que Frodo n&rsquo;ait pas tout de suite compris ce qu&rsquo;entendait Arwen par : \u00ab il ne veut plus faire aucun long voyage, hormis un seul \u00bb. En tout cas, il n&rsquo;a pas associ\u00e9 cela \u00e0 son propre cas. Quand Arwen lui a parl\u00e9 (T.A. 3019), il \u00e9tait encore jeune, ayant \u00e0 peine 51 ans, et Bilbo 78 an de plus. Mais \u00e0 Fondcombe, il en est venu \u00e0 comprendre plus clairement les choses. Les conversations qu&rsquo;il a eues ne sont pas rapport\u00e9es, mais on en apprend suffisamment dans l&rsquo;adieu que lui adresse Elrond (Livre 6, chap. 6). D\u00e8s le d\u00e9but de sa premi\u00e8re crise (le 5 octobre 3019), Frodo a d\u00fb penser \u00e0 \u00ab prendre la mer \u00bb m\u00eame s&rsquo;il ren\u00e2clait \u00e0 prendre une d\u00e9cision d\u00e9finitive &#8211; partir avec Bilbo, ou m\u00eame partir. Ce fut certainement apr\u00e8s sa cruelle maladie de mars 3020 qu&rsquo;il se d\u00e9cida.<\/p>\n<p><span style=\"font-weight: 400;\">Sam est fait pour \u00eatre aim\u00e9 et \u00eatre moqu\u00e9. Certains lecteurs sont irrit\u00e9s par lui, et m\u00eame rendus furieux. Je puis tr\u00e8s bien le comprendre. Tous les Hobbits me font par moments le m\u00eame effet, bien que je demeure tr\u00e8s attach\u00e9 \u00e0 eux. Mais Sam peut \u00eatre tr\u00e8s \u00ab fatigant \u00bb. Il est plus repr\u00e9sentatif des Hobbits qu&rsquo;aucun de ceux que nous avons l&rsquo;occasion de beaucoup conna\u00eetre ; et il poss\u00e8de par cons\u00e9quent une plus forte dose de cette qualit\u00e9 que m\u00eame certains Hobbits trouvent parfois difficile \u00e0 supporter : une vulgarit\u00e9 &#8211; je n&rsquo;entends pas par l\u00e0 un simple c\u00f4t\u00e9 \u00ab terre \u00e0 terre \u00bb -, une myopie mentale fi\u00e8re d&rsquo;elle-m\u00eame, une suffisance (\u00e0 des degr\u00e9s divers) et une cr\u00e2nerie, et une propension \u00e0 mesurer et r\u00e9sumer toute chose \u00e0 partir d&rsquo;une exp\u00e9rience limit\u00e9e, en grande partie conserv\u00e9e dans une \u00ab sagesse \u00bb traditionnelle tr\u00e8s sentencieuse. Les Hobbits exceptionnels ne se rencontrent qu&rsquo;en cercle restreint &#8211; ceux qui ont re\u00e7u une gr\u00e2ce ou un don : une vision de la beaut\u00e9, une admiration des choses plus nobles qu&rsquo;eux, en conflit avec leur autosatisfaction rustique. Imaginez Sam s&rsquo;il n&rsquo;avait pas \u00e9t\u00e9 \u00e9duqu\u00e9 par Bilbo ni fascin\u00e9 par les choses elfiques ! Pas difficile. La Famille Chaumine et l&rsquo;Ancien, lorsque les \u00ab Voyageurs \u00bb sont de retour, en donnent un aper\u00e7u \u00e9loquent.<\/span><\/p>\n<p>Sam \u00e9tait cr\u00e2neur, et au fond de lui un peu vaniteux ; mais sa vanit\u00e9 s&rsquo;\u00e9tait transform\u00e9e par sa d\u00e9votion envers Frodo. Il ne se voyait pas comme h\u00e9ro\u00efque ou m\u00eame brave, ou admirable \u00e0 quelque \u00e9gard &#8211; sauf dans le service de son ma\u00eetre et dans sa loyaut\u00e9. Ce qui comportait une dose (sans doute in\u00e9vitable) d&rsquo;orgueil et de possessivit\u00e9 : il est difficile d&rsquo;\u00e9viter cela dans la d\u00e9votion de ceux qui servent de cette mani\u00e8re. En tout cas, cela l&rsquo;a emp\u00each\u00e9 de comprendre totalement le ma\u00eetre qu&rsquo;il aimait, et de l&rsquo;accompagner dans son \u00e9ducation progressive d\u00e9bouchant sur la capacit\u00e9 pleine de noblesse de servir le non-aimable et de percevoir le Bien non r\u00e9alis\u00e9 chez le corrompu. Tr\u00e8s clairement, il n&rsquo;a pas totalement compris les intentions de Frodo ou sa d\u00e9tresse lors de l&rsquo;incident du Lac Interdit. S&rsquo;il avait mieux compris ce qui se passait entre Frodo et Gollum, les choses auraient pu tourner autrement \u00e0 la fin. Le moment le plus tragique du R\u00e9cit vient peut-\u00eatre, pour moi,\u00a0 (Livre 4, chap. 8) lorsque Sam ne parvient pas \u00e0 remarquer le complet changement du ton et de l&rsquo;apparence de Gollum. \u00ab Rien, rien, r\u00e9pondit doucement Gollum. Gentil Ma\u00eetre ! \u00bb Son repentir est an\u00e9anti et toute la piti\u00e9 de Frodo est (en un sens) g\u00e2ch\u00e9e.***** Plus moyen d&rsquo;\u00e9chapper \u00e0 l&rsquo;antre d&rsquo;Arachne.<\/p>\n<p>Cela est bien s\u00fbr d\u00fb \u00e0 la \u00ab logique de l&rsquo;histoire \u00bb. Sam aurait difficilement pu agir autrement. (Il a vraiment fini par atteindre le stade de la piti\u00e9 (Livre 6, chap. 3) mais trop tard pour le bien de Gollum.) Si l&rsquo;avait fait, qu&rsquo;aurait-il donc bien pu se passer ? Le cours de leur incursion en Mordor et les \u00e9preuves pour attteindre la Montagne du Destin auraient \u00e9t\u00e9 diff\u00e9rents, tout comme la fin. L&rsquo;int\u00e9r\u00eat se serait d\u00e9plac\u00e9 sur Gollum, je pense, et la lutte qui aurait eu lieu aurait \u00e9t\u00e9 entre son repentir et son amour nouveau d&rsquo;une part, et l&rsquo;Anneau d&rsquo;autre part. M\u00eame si l&rsquo;amour s&rsquo;\u00e9tait affirm\u00e9 de jour en jour, il n&rsquo;aurait pu contester sa sup\u00e9riorit\u00e9 \u00e0 l&rsquo;Anneau. Je pense que d&rsquo;une mani\u00e8re \u00e9trangement tordue et path\u00e9tique, Gollum aurait tent\u00e9 (peut-\u00eatre sans intention consciente) de satisfaire les deux. Il aurait certainement, \u00e0 un moment donn\u00e9, peu avant la fin, vol\u00e9 l&rsquo;Anneau ou bien l&rsquo;aurait pris de force (ce qu&rsquo;il fait effectivement dans le R\u00e9cit). Mais la \u00ab possession \u00bb une fois satisfaite, je crois qu&rsquo;il se serait sacrifi\u00e9 pour le bien de Frodo et qu&rsquo;il se serait <em>volontairement<\/em> jet\u00e9 dans le gouffre de feu.<\/p>\n<p>\u00c0 mon avis, un effet de sa r\u00e9g\u00e9n\u00e9ration partielle gr\u00e2ce \u00e0 l&rsquo;amour aurait \u00e9t\u00e9 de gagner une vision plus claire lorsqu&rsquo;il aurait revendiqu\u00e9 l&rsquo;Anneau. Il aurait per\u00e7u le Mal en Sauron et compris de mani\u00e8re soudaine qu&rsquo;il ne pouvait utiliser l&rsquo;Anneau et ne poss\u00e9dait pas la force ni la stature pour le garder en d\u00e9pit de Sauron : la seule mani\u00e8re de le garder et de nuire \u00e0 Sauron aurait \u00e9t\u00e9 de d\u00e9truire l&rsquo;Anneau avec lui-m\u00eame &#8211; et en un \u00e9clair, il aurait pu saisir que cela aurait aussi \u00e9t\u00e9 la meilleure mani\u00e8re de servir Frodo. Dans le r\u00e9cit, c&rsquo;est en fait Frodo qui prend l&rsquo;Anneau et le revendique, et il aurait certainement eu lui aussi une claire vision &#8211; mais il n&rsquo;en a pas eu le temps : Gollum l&rsquo;a imm\u00e9diatement attaqu\u00e9. Lorsque Sauron a pris conscience que l&rsquo;Anneau \u00e9tait pris, son seul espoir reposait dans le pouvoir de celui-ci : que celui qui le revendiquait serait incapable d&rsquo;y renoncer avant que Sauron ait le temps de s&rsquo;occuper de lui. Frodo aussi aurait probablement, s&rsquo;il n&rsquo;avait pas \u00e9t\u00e9 attaqu\u00e9, eu \u00e0 faire la m\u00eame chose : se jeter avec l&rsquo;Anneau dans le gouffre. Sinon, il aurait bien s\u00fbr totalement \u00e9chou\u00e9. Voil\u00e0 un probl\u00e8me int\u00e9ressant : comment Sauron aurait-il agi ou comment aurait r\u00e9sist\u00e9 le d\u00e9tenteur de l&rsquo;Anneau ? Sauron a imm\u00e9diatement envoy\u00e9 les Spectres de l&rsquo;Anneau. Ils ont bien s\u00fbr re\u00e7u des instructions pr\u00e9cises et ne se sont en aucune mani\u00e8re tromp\u00e9s sur l&rsquo;identit\u00e9 du v\u00e9ritable seigneur de l&rsquo;Anneau. Le porteur n&rsquo;\u00e9tait pas invisible pour eux, mais l&rsquo;inverse ; et d&rsquo;autant plus vuln\u00e9rable face \u00e0 leurs armes. Mais la situation \u00e9tait d\u00e9sormis diff\u00e9rente de celle du Mont Venteux, o\u00f9 Frodo n&rsquo;agit que par peur et ne cherche \u00e0 utiliser (en vain) que le pouvoir secondaire de l&rsquo;Anneau conf\u00e9rant l&rsquo;invisibilit\u00e9. Il avait \u00e9volu\u00e9 depuis lors. Auraient-ils \u00e9t\u00e9 insensibles \u00e0 son pouvoir s&rsquo;il avait revendiqu\u00e9 l&rsquo;Anneau pour commander et dominer ?<\/p>\n<p>Pas totalement. Je ne pense pas qu&rsquo;ils l&rsquo;auraient attaqu\u00e9 en employant la force, se seraient saisis de lui ou l&rsquo;auraient fait prisonnier ; ils auraient ob\u00e9i, ou feint d&rsquo;ob\u00e9ir \u00e0 ses ordres les moins importants qui n&rsquo;auraient pas interf\u00e9r\u00e9 avec leur mission &#8211; dont Sauron les avait charg\u00e9s, lui qui poss\u00e9dait le contr\u00f4le premier sur leurs volont\u00e9s par l&rsquo;interm\u00e9diare des neuf anneaux (qu&rsquo;il tenait en son pouvoir). Cette mission aurait \u00e9t\u00e9 d&rsquo;\u00e9loigner Frodo des Crevasses. Une fois celui-ci priv\u00e9 du pouvoir ou de la possibilit\u00e9 de <em>d\u00e9truire<\/em> l&rsquo;Anneau, la fin n&rsquo;aurait gu\u00e8re fait de doute &#8211; \u00e0 l&rsquo;exception d&rsquo;une aide venue de l&rsquo;ext\u00e9rieur, qui paraissait tr\u00e8s difficilement possible.<\/p>\n<p>Frodo \u00e9tait devenu une personne consid\u00e9rable, mais d&rsquo;un genre particulier : dans son d\u00e9veloppement spirituel plut\u00f4t que dans l&rsquo;accroissement de son pouvoir physique ou mental ; sa volont\u00e9 \u00e9tait bien plus grande qu&rsquo;auparavant, mais jusqu&rsquo;alors elle avait \u00e9t\u00e9 employ\u00e9e pour r\u00e9sister \u00e0 l&rsquo;Anneau, non \u00e0 l&rsquo;utiliser, et dans le but de le d\u00e9truire. Il aurait eu besoin de temps, de beaucoup de temps, avant de pouvoir contr\u00f4ler l&rsquo;Anneau ou bien (ce qui dans ce cas revient au m\u00eame) que l&rsquo;Anneau puisse le contr\u00f4ler ; avant que sa volont\u00e9 et son arrogance puissent cro\u00eetre jusqu&rsquo;\u00e0 ce qu&rsquo;il ait une stature suffisante pour dominer d&rsquo;autres fortes volont\u00e9s hostiles. Et m\u00eame alors, ses actes et ses ordres lui auraient encore sembl\u00e9, pendant longtemps, \u00eatre \u00ab bons \u00bb, b\u00e9n\u00e9ficier aux autres en plus de lui-m\u00eame.<\/p>\n<p>La situation de Frodo faisant face avec l&rsquo;Anneau aux Huit****** pourrait \u00eatre compar\u00e9e \u00e0 celle d&rsquo;un petit homme courageux dot\u00e9 d&rsquo;une arme destructrice, confront\u00e9 \u00e0 huit f\u00e9roces guerriers dot\u00e9s d&rsquo;une grande force et agilit\u00e9, arm\u00e9s de lames empoisonn\u00e9es. La faiblesse de cet homme tenait \u00e0 ce qu&rsquo;il ne savait pas encore comment utiliser son arme ; et par temp\u00e9rament et habitude il \u00e9tait oppos\u00e9 \u00e0 la violence. La leur tenait \u00e0 ce que l&rsquo;arme de cet homme \u00e9tait une chose qui les emplissait de peur, en tant qu&rsquo;objet de terreur dans leur culte religieux, qui les avait conditionn\u00e9s pour traiter avec servilit\u00e9 celui qui l&rsquo;utilisait. \u00c0 mon avis, ils auraient t\u00e9moign\u00e9 de la \u00ab servilit\u00e9 \u00bb. Ils auraient salu\u00e9 Frodo en \u00ab Seigneur \u00bb. Par de belles paroles, ils l&rsquo;auraient incit\u00e9 \u00e0 quitter les Sammath Naur &#8211; par exemple pour \u00ab contempler son nouveau royaume, et regarder au loin avec sa vue nouvelle la demeure puissante qu&rsquo;il devait maintenant revendiquer et transformer selon ses propres desseins. \u00bb Une fois sorti de la chambre, tandis qu&rsquo;il aurait admir\u00e9, quelques-uns auraient d\u00e9truit l&rsquo;entr\u00e9e. Frodo se serait alors probablement trouv\u00e9 trop absorb\u00e9 dans de formidables plans de r\u00e9forme du pouvoir &#8211; semblables, mais bien plus grandioses et vastes qu&rsquo;elle, \u00e0 la vision qui a tent\u00e9 Sam (Livre 4, chap. 1) &#8211; pour y pr\u00eater attention. Mais s&rsquo;il avait conserv\u00e9 un peu de sa raison et compris en partie la signification de tout cela, et refus\u00e9 de les accompagner \u00e0 Barad-d\u00fbr, ils auraient simplement attendu. Jusqu&rsquo;\u00e0 la venue de Sauron en personne. En tout cas, une confrontation entre Sauron et Frodo aurait rapidement eu lieu, si l&rsquo;Anneau avait \u00e9t\u00e9 intact. Son issue \u00e9tait in\u00e9luctable. Frodo aurait \u00e9t\u00e9 totalement vaincu : r\u00e9duit en poussi\u00e8re, ou gard\u00e9 comme esclave pour \u00eatre tourment\u00e9 et raill\u00e9. Sauron n&rsquo;aurait pas eu peur de l&rsquo;Anneau ! Il \u00e9tait sien, et soumis \u00e0 sa volont\u00e9. M\u00eame loin de lui, il l&rsquo;influen\u00e7ait, afin de le faire \u0153uvrer pour lui revenir. En sa pr\u00e9sence effective, personne hormis quelques rares personnes de sa stature n&rsquo;aurait pu esp\u00e9rer pouvoir refuser de le lui donner. Chez les \u00ab mortels \u00bb, personne, pas m\u00eame Aragorn. Dans leur lutte \u00e0 travers le Palant\u00edr, c&rsquo;\u00e9tait Aragorn le possesseur l\u00e9gitime. En outre, la lutte a eu lieu \u00e0 distance ; et dans un r\u00e9cit qui accepte l&rsquo;incarnation d&rsquo;esprits puissants dans une forme physique et destructible, le pouvoir de ceux-ci doit \u00eatre bien plus grand lorsqu&rsquo;ils sont effectivement pr\u00e9sents physiquement. On doit imaginer Sauron comme absolument terrifiant. La forme qu&rsquo;il prenait \u00e9tait humaine, d&rsquo;une stature plus grande que celle d&rsquo;un homme, mais pas gigantesque. Dans son incarnation pr\u00e9c\u00e9dente, il pouvait dissimuler son pouvoir (comme Gandalf) et appara\u00eetre comme une figure de commandement, au corps dot\u00e9 d&rsquo;une tr\u00e8s grande force, d&rsquo;un maintien et d&rsquo;une expression supr\u00eamement royaux.<\/p>\n<p><span style=\"font-weight: 400;\">Parmi les autres, seul Gandalf pouvait \u00e9ventuellement le dominer &#8211;\u00a0<\/span><span style=\"font-weight: 400;\">\u00e9tant un \u00e9missaire des Puissances et une cr\u00e9ature du m\u00eame ordre, un esprit immortel ayant pris une forme physique visible. Dans \u00ab Le Miroir de Galadriel \u00bb, Livre 2, chap. 7, on comprend que Galadriel se sentait capable d&rsquo;utiliser l&rsquo;Anneau et de supplanter le Seigneur T\u00e9n\u00e9breux. Si tel est le cas, cela est vrai des autres gardiens des Trois, en particulier d&rsquo;Elrond. Mais c&rsquo;est une autre question. Il faisait partie de la duperie fondamentale de l&rsquo;Anneau d&#8217;emplir les esprits de r\u00eaveries sur le pouvoir supr\u00eame. Mais cela, les Grands y avaient bien song\u00e9, et ils les avaient rejet\u00e9es, comme on le voit dans les propos d&rsquo;Elrond lors du Conseil.\u00a0 Le rejet de la tentation par Galadriel s&rsquo;appuyait sur des r\u00e9flexions et une r\u00e9solution ant\u00e9rieures. Elrond ou Galadriel aurait en tout cas agi suivant la politique alors adopt\u00e9e par Sauron : ils auraient b\u00e2ti un empire avec de grands g\u00e9n\u00e9raux totalement soumis, des arm\u00e9es et des machines de guerre, jusqu&rsquo;au moment de pouvoir d\u00e9fier Sauron et le d\u00e9truire par la force. Affronter Sauron seul, sans aide, de seul \u00e0 seul, n&rsquo;\u00e9tait pas envisag\u00e9. L&rsquo;on peut imaginer la sc\u00e8ne o\u00f9 Gandalf, par exemple, aurait \u00e9t\u00e9 plac\u00e9 dans une telle situation. L&rsquo;\u00e9quilibre des forces aurait \u00e9t\u00e9 subtil. D&rsquo;un c\u00f4t\u00e9, l&rsquo;all\u00e9geance r\u00e9elle de l&rsquo;Anneau envers Sauron ; de l&rsquo;autre, une force sup\u00e9rieure, car Sauron n&rsquo;\u00e9tait pas r\u00e9ellement en possession de l&rsquo;Anneau, et aussi peut-\u00eatre parce qu&rsquo;il \u00e9tait affaibli par une longue corruption et l&rsquo;utilisation de sa volont\u00e9 pour dominer les inf\u00e9rieurs. Si Gandalf se r\u00e9v\u00e9lait \u00eatre le vainqueur, le r\u00e9sultat aurait \u00e9t\u00e9 pour Sauro le m\u00eame que la destruction de l&rsquo;Anneau : pour lui il aurait \u00e9t\u00e9 d\u00e9truit, enlev\u00e9 \u00e0 lui pour toujours. Mais l&rsquo;Anneau et toutes ses \u0153uvres auraient \u00e9t\u00e9 pr\u00e9serv\u00e9s. Il aurait fini par dominer.<\/span><\/p>\n<p>Gandalf comme Seigneur de l&rsquo;Anneau aurait \u00e9t\u00e9 bien pire que Sauron. Il serait rest\u00e9 fid\u00e8le au \u00ab droit \u00bb, mais \u00ab s\u00fbr de son droit \u00bb. Il aurait continu\u00e9 \u00e0 gouverner et \u00e0 arranger les choses en vue du \u00ab Bien \u00bb et du bien-\u00eatre de ses sujets en fonction de sa sagesse (qui \u00e9tait grande, et le serait rest\u00e9e).<\/p>\n<p>* En fait, dans la mesure o\u00f9 les \u00e9v\u00e9nements des Crevasses du Destin allaient manifestement \u00eatre cruciaux pour le R\u00e9cit, j&rsquo;ai fait plusieurs \u00e9bauches ou essais \u00e0 des moments diff\u00e9rents du d\u00e9veloppement du r\u00e9cit &#8211; mais aucun n&rsquo;a \u00e9t\u00e9 utilis\u00e9 et aucun ne ressemble vraiment \u00e0 ce qui est finalement rapport\u00e9 dans l&rsquo;histoire une fois achev\u00e9e.<\/p>\n<p>** Nous voyons souvent les saints utiliser cette double \u00e9chelle, dans leurs jugements sur eux-m\u00eames lorsqu&rsquo;ils traversent de grandes souffrances ou de grandes tentations, et sur les autres dans des \u00e9preuves comparables.<\/p>\n<p>*** On ne tient pas du tout compte ici de la \u00ab gr\u00e2ce \u00bb ou augmentation de nos pouvoirs comme instruments de la Providence. Frodo a re\u00e7u la \u00ab gr\u00e2ce \u00bb : d&rsquo;abord de r\u00e9pondre \u00e0 l&rsquo;appel (\u00e0 la fin du Conseil) apr\u00e8s avoir longtemps r\u00e9sist\u00e9 \u00e0 une capitulation compl\u00e8te ; et ensuite de r\u00e9sister aux tentations de l&rsquo;Anneau (\u00e0 des moments o\u00f9 le d\u00e9voiler et le revendiquer e\u00fbt \u00e9t\u00e9 fatal) ainsi que dans sa r\u00e9sistance \u00e0 la peur et \u00e0 la douleur. Mais la gr\u00e2ce n&rsquo;est pas infinie, et para\u00eet le plus souvent, dans l&rsquo;\u00e9conomie Divine, \u00eatre limit\u00e9e \u00e0 ce qui suffit \u00e0 l&rsquo;accomplissement d&rsquo;une t\u00e2che d\u00e9volue \u00e0 tel instrument, dans une combinaison de circonstances et d&rsquo;autres instruments.<\/p>\n<p>**** Il n&rsquo;est pas dit explicitement comment elle a pu arranger cela. Ella n&rsquo;a bien entendu pas pu lui donner comme cela son ticket pour embarquer ! \u00c0 personne hormis ceux du peuple elfique, il n&rsquo;\u00e9tait permis de \u00ab voguer vers l&rsquo;Ouest \u00bb, et toute exception n\u00e9cessitait une \u00ab autorit\u00e9 \u00bb, or Arwen n&rsquo;\u00e9tait pas en communication directe avec les Valar, surtout pas depuis sa d\u00e9cision de devenir \u00ab mortelle \u00bb. Ce que cela veut dire est que c&rsquo;est Arwen qui a pens\u00e9 la premi\u00e8re \u00e0\u00a0envoyer Frodo vers l&rsquo;Ouest, et a plaid\u00e9\u00a0pour Frodo aupr\u00e8s de Gandalf (directement ou en passant par Galadriel, ou les deux), et a utilis\u00e9 comme argument son propre renoncement au droit de passer \u00e0 l&rsquo;Ouest. Son renoncement et ses souffrances \u00e9taient li\u00e9s \u00e0 ceux de Frodo, pris avec les siens : tous deux faisaient partie d&rsquo;un plan destin\u00e9 \u00e0 r\u00e9g\u00e9n\u00e9rer l&rsquo;\u00e9tat des Hommes. Sa pri\u00e8re a donc pu \u00eatre particuli\u00e8rement efficace, et son projet d&rsquo;\u00e9change une certaine \u00e9quit\u00e9. Il ne fait aucun doute que ce fut Gandalf qui accepta sa requ\u00eate. Les Appendices montrent clairement qu&rsquo;il \u00e9tait un \u00e9missaire des Valar, et pratiquement leur pl\u00e9nipotentiaire dans l&rsquo;accomplissement du plan contre Sauron. Il \u00e9tait \u00e9galement pleinement en accord avec Cirdan, le Ma\u00eetre des navires, qui lui avait remis son anneau et s&rsquo;\u00e9tait ainsi plac\u00e9 sous les ordres de Gandalf. Dans la mesure o\u00f9 Gandalf est parti lui aussi sur le Navire, il ne devait y avoir pour ainsi dire aucun probl\u00e8me lors de l&#8217;embarquement ni du d\u00e9barquement.<\/p>\n<p>***** Dans le sens o\u00f9 la \u00ab piti\u00e9 \u00bb, pour \u00eatre une vertu v\u00e9ritable, doit \u00eatre dirig\u00e9e vers le bien de son objet. Elle est vide si on l&rsquo;exerce <em>seulement<\/em> pour rester \u00ab propre \u00bb, exempt de haine ou d&rsquo;un acte effectif d&rsquo;injustice, m\u00eame si cela est aussi une bonne intention.<\/p>\n<p>****** Le Roi-sorcier avait \u00e9t\u00e9 r\u00e9duit \u00e0 l&rsquo;impuissance.<\/p>\n<p>[\/et_pb_text][\/et_pb_column][\/et_pb_row][\/et_pb_section]<\/p>\n","protected":false},"excerpt":{"rendered":"<p><span><span><a href=\"https:\/\/www.tolkienestate.com\/fr\/\">Home<\/a><\/span><\/span>\u00ab Je ne crois pas que l\u2019\u00e9chec de Frodo ait \u00e9t\u00e9 un \u00e9chec moral. Au dernier moment, la pression exerc\u00e9e par l\u2019Anneau devait atteindre son paroxysme \u2014 impossible aurais-je d\u00fb dire, pour quiconque de r\u00e9sister \u00bbTr\u00e8s peu de gens (en fait, \u00e0 l&rsquo;heure actuelle, seulement votre lettre et une autre) ont not\u00e9 ou comment\u00e9 \u00ab [&hellip;]<\/p>\n","protected":false},"author":1,"featured_media":0,"parent":33980,"menu_order":0,"comment_status":"closed","ping_status":"closed","template":"","meta":{"_et_pb_use_builder":"on","_et_pb_old_content":"","_et_gb_content_width":"","footnotes":""},"class_list":["post-36787","page","type-page","status-publish","hentry"],"yoast_head":"<!-- This site is optimized with the Yoast SEO plugin v27.5 - https:\/\/yoast.com\/product\/yoast-seo-wordpress\/ -->\n<title>Lettre \u00e0 Eileen Elgar, septembre 1963 - The Tolkien Estate<\/title>\n<meta name=\"robots\" content=\"index, follow, max-snippet:-1, max-image-preview:large, max-video-preview:-1\" \/>\n<link rel=\"canonical\" href=\"https:\/\/www.tolkienestate.com\/fr\/lettres\/lettre-a-eileen-elgar-septembre-1963\/\" \/>\n<meta property=\"og:locale\" content=\"fr_FR\" \/>\n<meta property=\"og:type\" content=\"article\" \/>\n<meta property=\"og:title\" content=\"Lettre \u00e0 Eileen Elgar, septembre 1963 - The Tolkien Estate\" \/>\n<meta property=\"og:description\" content=\"\u00ab Je ne crois pas que l\u2019\u00e9chec de Frodo ait \u00e9t\u00e9 un \u00e9chec moral. Au dernier moment, la pression exerc\u00e9e par l\u2019Anneau devait atteindre son paroxysme \u2014 impossible aurais-je d\u00fb dire, pour quiconque de r\u00e9sister \u00bbTr\u00e8s peu de gens (en fait, \u00e0 l&#039;heure actuelle, seulement votre lettre et une autre) ont not\u00e9 ou comment\u00e9 \u00ab [&hellip;]\" \/>\n<meta property=\"og:url\" content=\"https:\/\/www.tolkienestate.com\/fr\/lettres\/lettre-a-eileen-elgar-septembre-1963\/\" \/>\n<meta property=\"og:site_name\" content=\"The Tolkien Estate\" \/>\n<meta property=\"article:modified_time\" content=\"2023-11-23T15:42:31+00:00\" \/>\n<meta name=\"twitter:card\" content=\"summary_large_image\" \/>\n<meta name=\"twitter:label1\" content=\"Dur\u00e9e de lecture estim\u00e9e\" \/>\n\t<meta name=\"twitter:data1\" content=\"25 minutes\" \/>\n<script type=\"application\/ld+json\" class=\"yoast-schema-graph\">{\"@context\":\"https:\\\/\\\/schema.org\",\"@graph\":[{\"@type\":\"WebPage\",\"@id\":\"https:\\\/\\\/www.tolkienestate.com\\\/fr\\\/lettres\\\/lettre-a-eileen-elgar-septembre-1963\\\/\",\"url\":\"https:\\\/\\\/www.tolkienestate.com\\\/fr\\\/lettres\\\/lettre-a-eileen-elgar-septembre-1963\\\/\",\"name\":\"Lettre \u00e0 Eileen Elgar, septembre 1963 - The Tolkien Estate\",\"isPartOf\":{\"@id\":\"https:\\\/\\\/www.tolkienestate.com\\\/#website\"},\"datePublished\":\"2021-10-13T18:19:31+00:00\",\"dateModified\":\"2023-11-23T15:42:31+00:00\",\"breadcrumb\":{\"@id\":\"https:\\\/\\\/www.tolkienestate.com\\\/fr\\\/lettres\\\/lettre-a-eileen-elgar-septembre-1963\\\/#breadcrumb\"},\"inLanguage\":\"fr-FR\",\"potentialAction\":[{\"@type\":\"ReadAction\",\"target\":[\"https:\\\/\\\/www.tolkienestate.com\\\/fr\\\/lettres\\\/lettre-a-eileen-elgar-septembre-1963\\\/\"]}]},{\"@type\":\"BreadcrumbList\",\"@id\":\"https:\\\/\\\/www.tolkienestate.com\\\/fr\\\/lettres\\\/lettre-a-eileen-elgar-septembre-1963\\\/#breadcrumb\",\"itemListElement\":[{\"@type\":\"ListItem\",\"position\":1,\"name\":\"Home\",\"item\":\"https:\\\/\\\/www.tolkienestate.com\\\/fr\\\/\"},{\"@type\":\"ListItem\",\"position\":2,\"name\":\"Lettres\",\"item\":\"https:\\\/\\\/www.tolkienestate.com\\\/fr\\\/lettres\\\/\"},{\"@type\":\"ListItem\",\"position\":3,\"name\":\"Lettre \u00e0 Eileen Elgar, septembre 1963\"}]},{\"@type\":\"WebSite\",\"@id\":\"https:\\\/\\\/www.tolkienestate.com\\\/#website\",\"url\":\"https:\\\/\\\/www.tolkienestate.com\\\/\",\"name\":\"The Tolkien Estate\",\"description\":\"\",\"potentialAction\":[{\"@type\":\"SearchAction\",\"target\":{\"@type\":\"EntryPoint\",\"urlTemplate\":\"https:\\\/\\\/www.tolkienestate.com\\\/?s={search_term_string}\"},\"query-input\":{\"@type\":\"PropertyValueSpecification\",\"valueRequired\":true,\"valueName\":\"search_term_string\"}}],\"inLanguage\":\"fr-FR\"}]}<\/script>\n<!-- \/ Yoast SEO plugin. -->","yoast_head_json":{"title":"Lettre \u00e0 Eileen Elgar, septembre 1963 - The Tolkien Estate","robots":{"index":"index","follow":"follow","max-snippet":"max-snippet:-1","max-image-preview":"max-image-preview:large","max-video-preview":"max-video-preview:-1"},"canonical":"https:\/\/www.tolkienestate.com\/fr\/lettres\/lettre-a-eileen-elgar-septembre-1963\/","og_locale":"fr_FR","og_type":"article","og_title":"Lettre \u00e0 Eileen Elgar, septembre 1963 - The Tolkien Estate","og_description":"\u00ab Je ne crois pas que l\u2019\u00e9chec de Frodo ait \u00e9t\u00e9 un \u00e9chec moral. Au dernier moment, la pression exerc\u00e9e par l\u2019Anneau devait atteindre son paroxysme \u2014 impossible aurais-je d\u00fb dire, pour quiconque de r\u00e9sister \u00bbTr\u00e8s peu de gens (en fait, \u00e0 l'heure actuelle, seulement votre lettre et une autre) ont not\u00e9 ou comment\u00e9 \u00ab [&hellip;]","og_url":"https:\/\/www.tolkienestate.com\/fr\/lettres\/lettre-a-eileen-elgar-septembre-1963\/","og_site_name":"The Tolkien Estate","article_modified_time":"2023-11-23T15:42:31+00:00","twitter_card":"summary_large_image","twitter_misc":{"Dur\u00e9e de lecture estim\u00e9e":"25 minutes"},"schema":{"@context":"https:\/\/schema.org","@graph":[{"@type":"WebPage","@id":"https:\/\/www.tolkienestate.com\/fr\/lettres\/lettre-a-eileen-elgar-septembre-1963\/","url":"https:\/\/www.tolkienestate.com\/fr\/lettres\/lettre-a-eileen-elgar-septembre-1963\/","name":"Lettre \u00e0 Eileen Elgar, septembre 1963 - The Tolkien Estate","isPartOf":{"@id":"https:\/\/www.tolkienestate.com\/#website"},"datePublished":"2021-10-13T18:19:31+00:00","dateModified":"2023-11-23T15:42:31+00:00","breadcrumb":{"@id":"https:\/\/www.tolkienestate.com\/fr\/lettres\/lettre-a-eileen-elgar-septembre-1963\/#breadcrumb"},"inLanguage":"fr-FR","potentialAction":[{"@type":"ReadAction","target":["https:\/\/www.tolkienestate.com\/fr\/lettres\/lettre-a-eileen-elgar-septembre-1963\/"]}]},{"@type":"BreadcrumbList","@id":"https:\/\/www.tolkienestate.com\/fr\/lettres\/lettre-a-eileen-elgar-septembre-1963\/#breadcrumb","itemListElement":[{"@type":"ListItem","position":1,"name":"Home","item":"https:\/\/www.tolkienestate.com\/fr\/"},{"@type":"ListItem","position":2,"name":"Lettres","item":"https:\/\/www.tolkienestate.com\/fr\/lettres\/"},{"@type":"ListItem","position":3,"name":"Lettre \u00e0 Eileen Elgar, septembre 1963"}]},{"@type":"WebSite","@id":"https:\/\/www.tolkienestate.com\/#website","url":"https:\/\/www.tolkienestate.com\/","name":"The Tolkien Estate","description":"","potentialAction":[{"@type":"SearchAction","target":{"@type":"EntryPoint","urlTemplate":"https:\/\/www.tolkienestate.com\/?s={search_term_string}"},"query-input":{"@type":"PropertyValueSpecification","valueRequired":true,"valueName":"search_term_string"}}],"inLanguage":"fr-FR"}]}},"_links":{"self":[{"href":"https:\/\/www.tolkienestate.com\/fr\/wp-json\/wp\/v2\/pages\/36787","targetHints":{"allow":["GET"]}}],"collection":[{"href":"https:\/\/www.tolkienestate.com\/fr\/wp-json\/wp\/v2\/pages"}],"about":[{"href":"https:\/\/www.tolkienestate.com\/fr\/wp-json\/wp\/v2\/types\/page"}],"author":[{"embeddable":true,"href":"https:\/\/www.tolkienestate.com\/fr\/wp-json\/wp\/v2\/users\/1"}],"replies":[{"embeddable":true,"href":"https:\/\/www.tolkienestate.com\/fr\/wp-json\/wp\/v2\/comments?post=36787"}],"version-history":[{"count":0,"href":"https:\/\/www.tolkienestate.com\/fr\/wp-json\/wp\/v2\/pages\/36787\/revisions"}],"up":[{"embeddable":true,"href":"https:\/\/www.tolkienestate.com\/fr\/wp-json\/wp\/v2\/pages\/33980"}],"wp:attachment":[{"href":"https:\/\/www.tolkienestate.com\/fr\/wp-json\/wp\/v2\/media?parent=36787"}],"curies":[{"name":"wp","href":"https:\/\/api.w.org\/{rel}","templated":true}]}}